{"id":1704,"date":"2020-02-20T18:06:28","date_gmt":"2020-02-20T17:06:28","guid":{"rendered":"http:\/\/balatoni-hajoberles.hu\/aszf\/"},"modified":"2022-09-26T19:24:12","modified_gmt":"2022-09-26T17:24:12","slug":"terms","status":"publish","type":"page","link":"https:\/\/balatoni-hajoberles.hu\/en\/terms\/","title":{"rendered":"General Terms &#038; Conditions"},"content":{"rendered":"\n\n\t<section class=\"section\" id=\"section_2138318608\">\n\t\t<div class=\"section-bg fill\" >\n\t\t\t\t\t\t\t\t\t\n\t\t\t\n\n\t\t<\/div>\n\n\t\t\n\n\t\t<div class=\"section-content relative\">\n\t\t\t\n\n<div class=\"row\"  id=\"row-1525056710\">\n\n\n\t<div id=\"col-1677575671\" class=\"col small-12 large-12\"  >\n\t\t\t\t<div class=\"col-inner\"  >\n\t\t\t\n\t\t\t\n\n<h1><span style=\"font-size:200%;\">\u00c1ltal\u00e1nos szerz\u0151d\u00e9si felt\u00e9telek<\/span><\/h1>\n\t<div id=\"gap-1694060741\" class=\"gap-element clearfix\" style=\"display:block; height:auto;\">\n\t\t\n<style>\n#gap-1694060741 {\n  padding-top: 30px;\n}\n<\/style>\n\t<\/div>\n\t\n\n\n\t\t<\/div>\n\t\t\t\t\t<\/div>\n\n\t\n\n<\/div>\n<div class=\"row\"  id=\"row-1737046930\">\n\n\n\t<div id=\"col-663577964\" class=\"col medium-8 small-12 large-8\"  >\n\t\t\t\t<div class=\"col-inner\"  >\n\t\t\t\n\t\t\t\n\n<h3> A BALATONF\u00dcRED YACHT CHARTER \u00c9S OKTAT\u00d3K\u00d6ZPONT KFT. \u00c9S A F\u00dcREDYACHT CHARTER \u00c9S OKTAT\u00d3K\u00d6ZPONT KFT. \u00c1LTAL NY\u00daJTOTT SZOLG\u00c1LTAT\u00c1SOK, HAJ\u00d3B\u00c9RBEAD\u00c1S \u00c9S HAJ\u00d3VEZET\u0150 OKTAT\u00c1S \u00c1LTAL\u00c1NOS SZERZ\u0150D\u00c9SI FELT\u00c9TELEI <\/h3>\n\t<div id=\"gap-102971099\" class=\"gap-element clearfix\" style=\"display:block; height:auto;\">\n\t\t\n<style>\n#gap-102971099 {\n  padding-top: 30px;\n}\n<\/style>\n\t<\/div>\n\t\n\n<h4>Szolg\u00e1ltat\u00f3 Neve, C\u00edme<\/h4>\n<p>N\u00e9v: Balatonf\u00fcred Yacht Charter \u00e9s Oktat\u00f3k\u00f6zpont Korl\u00e1tolt Felel\u0151ss\u00e9g\u0171 T\u00e1rsas\u00e1g<br \/>C\u00e9gjegyz\u00e9ksz\u00e1m: 19-09-509983<br \/>Ad\u00f3sz\u00e1m: 14154205-2-19<br \/>Sz\u00e9khely: 8230 Balatonf\u00fcred, Ady Endre u. 48.<br \/>Banksz\u00e1mlasz\u00e1m: 10404041-00021977-00000008<\/p>\n<p>N\u00e9v: F\u00fcredyacht Charter \u00e9s Oktat\u00f3k\u00f6zpont Korl\u00e1tolt Felel\u0151ss\u00e9g\u0171 T\u00e1rsas\u00e1g<br \/>C\u00e9gjegyz\u00e9ksz\u00e1m: 19-09-514376<br \/>Ad\u00f3sz\u00e1m: 23495665-2-19<br \/>Sz\u00e9khely: 8230 Balatonf\u00fcred, Ady Endre u. 48.<br \/>Banksz\u00e1mlasz\u00e1m: 10400425-50526588-82821006<\/p>\n<p>(Tov\u00e1bbiakban: Szolg\u00e1ltat\u00f3, B\u00e9rbead\u00f3)<\/p>\n<h4>\u00dcgyf\u00e9lszolg\u00e1lat el\u00e9rhet\u0151s\u00e9ge<\/h4>\n<p>Telefonsz\u00e1m: +36304529879 +36309993229<br \/>Szem\u00e9lyes \u00fcgyf\u00e9lszolg\u00e1lat el\u00e9rhet\u0151s\u00e9ge, c\u00edme:<br \/>8230 Balatonf\u00fcred, Ady Endre u. 48.<br \/>Nyitvatart\u00e1si ideje telefonos el\u00e9rhet\u0151s\u00e9ggel: H-V 0-24<br \/>Honlap el\u00e9rhet\u0151s\u00e9ge: www.furedyacht.hu, www. balatoni-hajoberles.hu<br \/>E-mail c\u00edm: info@furedyacht.hu<\/p>\n<h4>Szakhat\u00f3s\u00e1gi enged\u00e9lyek<\/h4>\n<p>Haj\u00f3z\u00e1si Enged\u00e9ly: HE 11027-18<br \/>K\u00e9pz\u00e9si Enged\u00e9ly sz\u00e1ma: UVH\/HF\/NS\/A\/1133\/4\/2014<br \/>Feln\u0151ttk\u00e9pz\u00e9st folytat\u00f3 int\u00e9zm\u00e9ny nyilv\u00e1ntart\u00e1si sz\u00e1ma: KM\/KA\/NS\/A\/2989\/4\/2009<br \/>A k\u00e9pz\u0151szerv a 15\/2001. (IV.27.) K\u00d6VIM rendelet szerinti belv\u00edzi kedvtel\u00e9sic\u00e9l\u00fa vitorl\u00e1s kishaj\u00f3-vezet\u0151i \u00e9s belv\u00edzi kedvtel\u00e9si c\u00e9l\u00fa kisg\u00e9phaj\u00f3-vezet\u0151i vizsg\u00e1ra felk\u00e9sz\u00edt\u0151 k\u00e9pz\u00e9s folytat\u00e1s\u00e1ra jogosult k\u00e9pz\u0151 int\u00e9zm\u00e9nynek min\u0151s\u00fcl.<\/p>\n<h4>Haj\u00f3 b\u00e9rbead\u00e1s\u00e1ra vonatkoz\u00f3 \u00e1ltal\u00e1nos, k\u00f6z\u00f6s szerz\u0151d\u00e9si felt\u00e9telek:<\/h4>\n<p>B\u00e9rbead\u00f3: A magyar t\u00e1rsas\u00e1gi jog szab\u00e1lyai szerint Magyarorsz\u00e1gon bejegyzett jogi szem\u00e9ly, aki a B\u00e9rl\u0151vel szerz\u0151d\u00e9st k\u00f6t.<\/p>\n<p>B\u00e9rl\u0151: A magyar polg\u00e1ri jog szab\u00e1lyai szerint cselekv\u0151k\u00e9pes, nagykor\u00fa term\u00e9szetes szem\u00e9ly, vagy jogi, illetve nem jogi szem\u00e9ly, aki nincs akad\u00e1lyoztatva, vagy korl\u00e1tozva \u00fcgyeinek vitel\u00e9ben \u00e9s az aj\u00e1nlat elfogad\u00e1s\u00e1val \u00e9rv\u00e9nyesen \u00edr\u00e1sban szerz\u0151d\u00e9st k\u00f6t B\u00e9rbead\u00f3val.<\/p>\n<p>Haj\u00f3 \u00e1tad\u00e1sa (Check-in): A b\u00e9rleti id\u0151szak kezdet\u00e9n a haj\u00f3 B\u00e9rl\u0151 \u00e1ltali \u00e1tv\u00e9tele a B\u00e9rbead\u00f3t\u00f3l, mely a szerz\u0151d\u00e9sben is megjel\u00f6lt, \u00e9rv\u00e9nyes haj\u00f3vezet\u0151i enged\u00e9llyel rendelkez\u0151 haj\u00f3vezet\u0151 jelenl\u00e9t\u00e9ben t\u00f6rt\u00e9nik \u00e9s mag\u00e1ba foglalja a haj\u00f3 alkatr\u00e9szeinek \u00e9s k\u00f6telez\u0151 felszerel\u00e9s\u00e9nek min\u0151s\u00e9gi \u00e9s mennyis\u00e9gi t\u00e9teles ellen\u0151rz\u00e9s\u00e9t. Az ellen\u0151rz\u00e9st seg\u00edti, dokument\u00e1lja a B\u00e9rbead\u00f3 \u00e1ltal biztos\u00edtott haj\u00f3 \u00e1tv\u00e9teli lista, mely egyben tartalmazza a haj\u00f3 felszerel\u00e9seit, eszt\u00e9tikai \u00e9s m\u0171szaki \u00e1llapot\u00e1t r\u00f6gz\u00edti az \u00e1tad\u00e1s pillanat\u00e1ban. A haj\u00f3 \u00e1tv\u00e9teli lista h\u00e1toldal\u00e1n az esetleges tartoz\u00e9kok \u00e9s jav\u00edt\u00e1si munk\u00e1latok, m\u0171szaki ment\u00e9sre vonatkoz\u00f3 d\u00edjt\u00e1bl\u00e1zat tal\u00e1lhat\u00f3, mely ir\u00e1nyad\u00f3 a visszav\u00e9telkori esetleges k\u00e1resem\u00e9nyek \u00f6sszegszer\u0171s\u00e9g\u00e9nek meg\u00e1llap\u00edt\u00e1sakor. A haj\u00f3 \u00e1tad\u00e1s -\u00e1tv\u00e9teli list\u00e1j\u00e1t a B\u00e9rl\u0151 al\u00e1\u00edr\u00e1s\u00e1val hiteles\u00edtve \u00e1tadja B\u00e9rbead\u00f3nak \u00e9s tudom\u00e1sul veszik az abban szerepl\u0151 B\u00e9rl\u0151 \u00e9s B\u00e9rbead\u00f3 \u00e1ltal k\u00f6z\u00f6sen megjegyzett r\u00e9szek mindkett\u0151 f\u00e9lre t\u00f6rt\u00e9n\u0151 k\u00f6telezetts\u00e9g\u00e9t.<\/p>\n<p>Haj\u00f3 visszav\u00e9tele ( Check-out): A b\u00e9rleti id\u0151szak v\u00e9g\u00e9n a haj\u00f3 B\u00e9rbead\u00f3 \u00e1ltali \u00e1tv\u00e9tele a B\u00e9rl\u0151t\u0151l, ide\u00e9rtve az \u00e1tad\u00e1s-\u00e1tv\u00e9teli list\u00e1n r\u00f6gz\u00edtett \u00e1llapotok egy\u00fcttes \u00e1tvizsg\u00e1l\u00e1s\u00e1t, a felszerel\u00e9sek, tartoz\u00e9kok min\u0151s\u00e9gi \u00e9s mennyis\u00e9gi ellen\u0151rz\u00e9s\u00e9t is.<\/p>\n<p>Haj\u00f3vezet\u0151i enged\u00e9ly: a 15\/2001 (IV.27.) K\u00f6VIM rendeletben \u00e9s a vonatkoz\u00f3 jogszab\u00e1lyokban meghat\u00e1rozott k\u00e9pes\u00edt\u00e9s, melyet az ellen\u0151rz\u0151 hat\u00f3s\u00e1gok elfogadnak a haj\u00f3 vezet\u00e9s\u00e9hez.<\/p>\n<p>Korm\u00e1nyos: a 15\/2001 (IV.27.) K\u00f6VIM rendelet illetve a vonatkoz\u00f3 jogszab\u00e1lyok \u00e1ltal meghat\u00e1rozott, az ellen\u0151rz\u0151 hat\u00f3s\u00e1gok \u00e1ltal elfogadhat\u00f3 \u00e9rv\u00e9nyes k\u00e9pes\u00edt\u00e9ssel rendelkez\u0151 term\u00e9szetes szem\u00e9ly.<\/p>\n<p>Haj\u00f3: A 2\/2000 (VII.26.) K\u00f6VIM rendeletnek, illetve a 2000 \u00e9vi XLII.tv. valamint a vonatkoz\u00f3 jogszab\u00e1lyokban meghat\u00e1rozottaknak megfelel\u0151, sz\u00fcks\u00e9g eset\u00e9n szakhat\u00f3s\u00e1gi enged\u00e9lyekkel rendelkez\u0151 v\u00edzi j\u00e1rm\u0171, bele\u00e9rtve a vitorl\u00e1s haj\u00f3t \u00e9s az elektromos haj\u00f3t egyar\u00e1nt.<br \/>Szerz\u0151d\u00e9s: A jelen \u00c1SZF-hez tartoz\u00f3 a konkr\u00e9t adatokat, fizet\u00e9si felt\u00e9teleket, a b\u00e9rlet id\u0151tartam\u00e1t \u00e9s a kapcsolattart\u00f3kat, illetve m\u00e1s egy\u00e9b v\u00e1ltoz\u00f3 felt\u00e9teleket tartalmaz\u00f3 a b\u00e9rleti jogviszonyt szab\u00e1lyoz\u00f3 dokumentum.<\/p>\n<p>\u00dczemeltetett haj\u00f3: Olyan v\u00edzi j\u00e1rm\u0171, amely a B\u00e9rbead\u00f3 tulajdon\u00e1t k\u00e9pezi, vagy a b\u00e9rbead\u00e1s\u00e1ra egy\u00e9b jogviszony alapj\u00e1n a B\u00e9rbead\u00f3 jogosult.<\/p>\n<h4>A szolg\u00e1ltat\u00e1s t\u00e1rgya:<\/h4>\n<p>Jelen szerz\u0151d\u00e9si felt\u00e9telek a B\u00e9rbead\u00f3 \u00e1ltal \u00fczemeltetett haj\u00f3k meghat\u00e1rozott id\u0151szakra t\u00f6rt\u00e9n\u0151 b\u00e9rbead\u00e1s\u00e1ra \u00e9s korm\u00e1nyosi szolg\u00e1ltat\u00e1s ny\u00fajt\u00e1s\u00e1ra vonatkoznak \u00e9s elv\u00e1laszthatatlan r\u00e9sz\u00e9t k\u00e9pezik a Szerz\u0151d\u00e9snek. A haj\u00f3b\u00e9rleti szolg\u00e1ltat\u00e1s aktu\u00e1lis d\u00edjszab\u00e1s\u00e1t B\u00e9rbead\u00f3 a www.balatoni-hajoberles.hu oldal\u00e1n teszi k\u00f6zz\u00e9, vagy m\u00e1s egy\u00e9b \u00faton k\u00f6zli.<\/p>\n<p>Amennyiben B\u00e9rl\u0151 korm\u00e1nyosi szolg\u00e1ltat\u00e1sra tart ig\u00e9nyt, abban az esetben B\u00e9rbead\u00f3 a mindenkori \u00e1rlist\u00e1j\u00e1ban meghat\u00e1rozott lista\u00e1r ellen\u00e9ben B\u00e9rbead\u00f3nak korm\u00e1nyos rendelkez\u00e9sre \u00e1ll\u00e1s\u00e1t biztos\u00edtja szabad kapacit\u00e1sa erej\u00e9ig.<\/p>\n<p>Jelen \u00c1SZF hat\u00e1lya kiterjed Magyarorsz\u00e1g ter\u00fclet\u00e9n minden olyan hagyom\u00e1nyos vagy t\u00e1voll\u00e9v\u0151k k\u00f6z\u00f6tt k\u00f6ttetett kereskedelmi szolg\u00e1ltat\u00e1sny\u00fajt\u00e1sra ir\u00e1nyul\u00f3 szerz\u0151d\u00e9sre, amely Szerz\u0151d\u0151 Felek k\u00f6z\u00f6tt j\u00f6n l\u00e9tre, ide\u00e9rtve a B\u00e9rbead\u00f3 nev\u00e9ben elj\u00e1r\u00f3, szerz\u0151d\u00e9sk\u00f6t\u00e9sre jogosult 3. szem\u00e9lyeket is.<\/p>\n<p>B\u00e9rbead\u00f3 honlapj\u00e1n az online foglal\u00e1si rendszerben l\u00e9v\u0151 inform\u00e1ci\u00f3k nem min\u0151s\u00fclnek aj\u00e1nlatt\u00e9telnek, kiz\u00e1r\u00f3lag t\u00e1j\u00e9koztat\u00e1si c\u00e9lt szolg\u00e1lnak. A Felek k\u00f6z\u00f6tt l\u00e9trej\u00f6n a szerz\u0151d\u00e9s, ha a B\u00e9rl\u0151 \u00edr\u00e1sban egy\u00e9rtelm\u0171en jelzi B\u00e9rbead\u00f3 fel\u00e9, hogy az aj\u00e1nlat\u00e1t elfogadja. A l\u00e9tre nem j\u00f6tt szerz\u0151d\u00e9s miatti felel\u0151ss\u00e9get B\u00e9rbead\u00f3 kiz\u00e1rja. Online rendszer\u00fcnkben t\u00f6rt\u00e9n\u0151 foglal\u00e1s eset\u00e9n az ott automatikusan gener\u00e1lt aj\u00e1nlat csak \u00e9s kiz\u00e1r\u00f3lag B\u00e9rbead\u00f3 \u00e1ltali \u00edr\u00e1sos visszaigazol\u00e1ssal egy\u00fctt \u00e9rv\u00e9nyes. B\u00e9rbead\u00f3 \u00e1ltal \u00edr\u00e1sban tett aj\u00e1nlatot B\u00e9rl\u0151nek minden esetben az aj\u00e1nlat megt\u00e9tel\u00e9nek id\u0151pontj\u00e1t\u00f3l sz\u00e1m\u00edtott 48 \u00f3r\u00e1n bel\u00fcl \u00edr\u00e1sban vissza kell igazolnia B\u00e9rbead\u00f3 fel\u00e9. A k\u00e9sedelemmel, (48 \u00f3r\u00e1n t\u00fal) vagy \u00edr\u00e1sban nem megtett visszaigazol\u00e1s hi\u00e1ny\u00e1ban B\u00e9rl\u0151 foglal\u00e1s\u00e1t rendszer\u00fcnkb\u0151l t\u00f6r\u00f6lj\u00fck \u00e9s online napt\u00e1runkban az \u00e9rintett id\u0151szakot (z\u00f6ld) azaz \u00fajra \u00e9rt\u00e9kes\u00edthet\u0151k\u00e9nt jel\u00f6lj\u00fck.<\/p>\n<p>Amennyiben B\u00e9rbead\u00f3nak felr\u00f3hat\u00f3 okb\u00f3l a szolg\u00e1ltat\u00e1st a megjel\u00f6lt helyen \u00e9s id\u0151ben nem tudja teljes\u00edteni, \u00fagy t\u00f6rekszik arra, hogy 24 \u00f3r\u00e1n bel\u00fcl hasonl\u00f3 tulajdons\u00e1gokkal rendelkez\u0151 m\u00e1sik haj\u00f3t biztos\u00edtson a B\u00e9rl\u0151nek \u00e9s a szabad kapacit\u00e1s f\u00fcggv\u00e9ny\u00e9ben a cser\u00e9ig eltelt v\u00e1rakoz\u00e1si id\u0151vel a szerz\u0151d\u00e9sben szerepl\u0151 b\u00e9rleti id\u0151szakot t\u00e9r\u00edt\u00e9smentesen meghosszabb\u00edtsa. Ha B\u00e9rl\u0151 nem fogadja el a cserek\u00e9nt felaj\u00e1nlott haj\u00f3t, \u00fagy B\u00e9rl\u0151 m\u00e1sik el\u0151re egyeztetett id\u0151pontban jogosult ig\u00e9nybe venni a szolg\u00e1ltat\u00e1st. B\u00e9rbead\u00f3 a szerz\u0151d\u00e9s neki felr\u00f3hat\u00f3 nem teljes\u00edt\u00e9se eset\u00e9n sem k\u00f6telezhet\u0151 B\u00e9rl\u0151 ir\u00e1ny\u00e1ba k\u00e1rt\u00e9r\u00edt\u00e9s megfizet\u00e9s\u00e9re.<\/p>\n<p>A B\u00e9rbead\u00f3t a B\u00e9rl\u0151 \u00e1ltal t\u00e9vesen megadott adatokra visszavezethet\u0151 k\u00e9sedelmes, vagy hib\u00e1s teljes\u00edt\u00e9s\u00e9rt, vagy nem teljes\u00edt\u00e9s\u00e9rt semminem\u0171 felel\u0151ss\u00e9g nem terheli. Akt\u00edv rendel\u00e9st \u00e9rint\u0151 adatok m\u00f3dos\u00edt\u00e1s\u00e1ra a B\u00e9rbead\u00f3 valamelyik \u00fcgyf\u00e9lszolg\u00e1lati el\u00e9rhet\u0151s\u00e9g\u00e9n \u00edr\u00e1sban van m\u00f3d, mely m\u00f3dos\u00edt\u00e1s B\u00e9rbead\u00f3 \u00e1ltal \u00edr\u00e1sban visszaigazolva \u00e9rv\u00e9nyes. A m\u00f3dos\u00edt\u00e1s k\u00e9r\u00e9s\u00e9re az info@furedyacht.hu emailc\u00edmen van lehet\u0151s\u00e9g az aj\u00e1nlat \u00edr\u00e1sos elfogad\u00e1s\u00e1t k\u00f6vet\u0151 8 napon bel\u00fcl, de legfeljebb a haj\u00f3 \u00e1tv\u00e9teli id\u0151szak\u00e1t megel\u0151z\u0151 2 h\u00e9ten bel\u00fcl.<\/p>\n<h4>A haj\u00f3 \u00e1tad\u00e1sa (Check-in):<\/h4>\n<p>B\u00e9rbead\u00f3 a haj\u00f3 \u00e1tad\u00e1s\u00e1ra, a szerz\u0151d\u00e9sben megjel\u00f6lt id\u0151pontban a lehet\u0151 legpontosabb m\u00f3don igyekszik annak lebonyol\u00edt\u00e1s\u00e1ra. Az ehhez sz\u00fcks\u00e9ges \u00e9rkez\u00e9si id\u0151t B\u00e9rl\u0151 az \u00fcgyf\u00e9lszolg\u00e1lati telefonsz\u00e1mok egyik\u00e9n az \u00e9rkez\u00e9st megel\u0151z\u0151en \u00bd \u00f3r\u00e1val jelezheti. A haj\u00f3 pontos \u00e9s alapos \u00e1tad\u00e1s\u00e1ra sz\u00e1nt id\u0151 megk\u00f6zel\u00edt\u0151leg egy m\u00e1sf\u00e9l \u00f3ra, mely id\u0151tartam B\u00e9rl\u0151t nem jogos\u00edtja fel a haj\u00f3 haszn\u00e1lat\u00e1nak szerz\u0151d\u00e9sen fel\u00fcli meghosszabb\u00edt\u00e1s\u00e1ra.<\/p>\n<p>A haj\u00f3 \u00e1tad\u00e1sakor a szerz\u0151d\u00e9sen fel\u00fcl 2 dokumentum ker\u00fcl kit\u00f6lt\u00e9sre, melyben B\u00e9rbead\u00f3 \u00e9s B\u00e9rl\u0151 r\u00f6gz\u00edti a haj\u00f3 pontos \u00e1llapot\u00e1t, annak eszt\u00e9tikai \u00e9s m\u0171szaki \u00e1llapot\u00e1t (check list), tov\u00e1bb\u00e1 egy a v\u00edzirend\u00e9szeti ellen\u0151rz\u00e9sek alkalm\u00e1val a haj\u00f3 jogszer\u0171 b\u00e9relhet\u0151s\u00e9g\u00e9nek igazol\u00e1s\u00e1ra szolg\u00e1l\u00f3 \u201eB\u00e9rbead\u00e1si igazol\u00e1st\u201d \u00e1ll\u00edt ki B\u00e9rbead\u00f3, melyben a B\u00e9rl\u0151 haj\u00f3vezet\u0151i enged\u00e9ly\u00e9nek adatait is r\u00f6gz\u00edtik.<\/p>\n<p>A haj\u00f3t csak \u00e9s kiz\u00e1r\u00f3lag a B\u00e9rbead\u00f3 \u00e1ltal j\u00f3v\u00e1hagyott, \u00e9rv\u00e9nyes \u00e9s a mindenkori jogszab\u00e1lyi felt\u00e9teleknek megfelel\u0151 haj\u00f3vezet\u0151i enged\u00e9llyel rendelkez\u0151 szem\u00e9ly korm\u00e1nyozhatja elegend\u0151 sz\u00e1m\u00fa leg\u00e9nys\u00e9ggel. A haj\u00f3n tart\u00f3zkod\u00f3 a haj\u00f3z\u00e1sban, annak ir\u00e1ny\u00edt\u00e1s\u00e1ban r\u00e9sztvev\u0151 emberek nem lehetnek ittas vagy b\u00f3dult \u00e1llapotban. Ittas vagy b\u00f3dult \u00e1llapotban l\u00e9v\u0151 vagy haj\u00f3vezet\u0151i enged\u00e9llyel nem rendelkez\u0151 szem\u00e9lyek csak sz\u00e1ll\u00e1sk\u00e9nt haszn\u00e1lhatj\u00e1k a haj\u00f3t, azzal annak kik\u00f6t\u0151hely\u00e9t nem hagyhatj\u00e1k el.<\/p>\n<p>B\u00e9rbead\u00f3 fenntartja mag\u00e1nak a jogot, hogy a B\u00e9rl\u0151 \u00e1ltal bejelentett korm\u00e1nyost, az esetleges sz\u00fcks\u00e9ges haj\u00f3vezet\u0151i tapasztalat hi\u00e1ny\u00e1ban megkifog\u00e1solja \u00e9s a haj\u00f3vezet\u00e9sre alkalmatlannak min\u0151s\u00edtve a haj\u00f3 vezet\u00e9s\u00e9t\u0151l eltiltsa.<\/p>\n<p>A haj\u00f3 B\u00e9rbead\u00f3 \u00e1ltali \u00e1tad\u00e1sakor B\u00e9rl\u0151t\u0151l kauci\u00f3t vesz \u00e1t, &#8211; melynek \u00f6sszege 300.000,-ft vagy 200.000,-ft a b\u00e9relt haj\u00f3 \u00e9rv\u00e9nyes \u00e1rlist\u00e1ja szerint -, mely a b\u00e9rleti id\u0151szak v\u00e9g\u00e9n egy\u00f6sszegben visszaj\u00e1r B\u00e9rl\u0151nek, kiv\u00e9ve ha a haj\u00f3 tartoz\u00e9kaiban, m\u0171szaki illetve eszt\u00e9tikai \u00e1llapot\u00e1ban B\u00e9rl\u0151nek felr\u00f3hat\u00f3 m\u00f3don k\u00e1r keletkezett.<\/p>\n<p>B\u00e9rbead\u00f3 a haj\u00f3t rendeltet\u00e9sszer\u0171 haszn\u00e1latra alkalmas, \u00fczemk\u00e9pes \u00e1llapotban, a tartoz\u00e9klist\u00e1n (Check list) felt\u00fcntetett t\u00e1rgyakkal, az ott megjel\u00f6lt eszt\u00e9tikai \u00e1llapotban, kitakar\u00edtva bocs\u00e1tja a B\u00e9rl\u0151 rendelkez\u00e9s\u00e9re.<\/p>\n<p>B\u00e9rl\u0151 a check-in alatt k\u00f6teles a haj\u00f3 \u00e1llapot\u00e1t \u00e9s felszerel\u00e9seinek megl\u00e9t\u00e9t t\u00e9telesen ellen\u0151rizni \u00e9s a tartoz\u00e9klist\u00e1t al\u00e1\u00edrni. Ezt k\u00f6vet\u0151en hi\u00e1nyoss\u00e1gokra vonatkoz\u00f3 felsz\u00f3laml\u00e1st a B\u00e9rbead\u00f3nak nem \u00e1ll m\u00f3dj\u00e1ban elfogadni. A haj\u00f3 \u00e9s a felszerel\u00e9sek \u00e1tv\u00e9telekor \u00e9szre nem vett, ut\u00f3lag bejelentett, B\u00e9rbead\u00f3nak hitelt \u00e9rdeml\u0151en igazolhat\u00f3 m\u00f3don nem felr\u00f3hat\u00f3 hi\u00e1nyoss\u00e1gai nem jogos\u00edtj\u00e1k fel a B\u00e9rl\u0151t arra, hogy alacsonyabb b\u00e9rleti d\u00edj szerinti elsz\u00e1mol\u00e1st k\u00e9rjen. Amennyiben B\u00e9rl\u0151 a B\u00e9rl\u0151i haszn\u00e1lata sor\u00e1n a haj\u00f3ban vagy tartoz\u00e9kaiban b\u00e1rmilyen k\u00e1rt okoz, abban az esetben a felel\u0151ss\u00e9g csak \u00e9s kiz\u00e1r\u00f3lag B\u00e9rl\u0151t terheli.<\/p>\n<p>B\u00e9rl\u0151 k\u00f6teles legk\u00e9s\u0151bb a szerz\u0151d\u00e9sben r\u00f6gz\u00edtett b\u00e9rleti id\u0151szak v\u00e9g\u00e9re a haj\u00f3t az \u00e1tv\u00e9telkori \u00e1llapot\u00e1nak megfelel\u0151en a haj\u00f3 kik\u00f6t\u0151hely\u00e9n \u00e1tadni B\u00e9rbead\u00f3nak. A haj\u00f3 \u00e1llapot\u00e1r\u00f3l az \u00e1tv\u00e9telhez k\u00e9pesti v\u00e1ltoz\u00e1sokr\u00f3l, B\u00e9rbead\u00f3t k\u00f6teles t\u00e1j\u00e9koztatni , hogy a sz\u00fcks\u00e9ges jav\u00edt\u00e1sok, szerel\u00e9sek a lehet\u0151 legr\u00f6videbb id\u0151n bel\u00fcl megkezdhet\u0151k legyenek. A check-out alkalm\u00e1val \u00e9szre nem vett \u00e9s a B\u00e9rl\u0151 \u00e1ltal nem bejelentett, eltitkolt, azonban B\u00e9rl\u0151 b\u00e9rleti id\u0151szak\u00e1t \u00e9rint\u0151en egy\u00e9rtelm\u0171en bizony\u00edthat\u00f3 m\u00f3don keletkezett s\u00e9r\u00fcl\u00e9sek, hi\u00e1nyoss\u00e1gok elh\u00e1r\u00edt\u00e1s\u00e1nak k\u00f6lts\u00e9ge is B\u00e9rl\u0151t terheli. Az esetleges nem haszn\u00e1lhat\u00f3 \u00e1llapot fenn\u00e1ll\u00e1sa alatt keletkezett b\u00e9rleti d\u00edj kies\u00e9s, annak k\u00e1rtalan\u00edt\u00e1sk\u00e9nt B\u00e9rbead\u00f3 r\u00e9sz\u00e9re t\u00f6rt\u00e9n\u0151 megfizet\u00e9s\u00e9re is B\u00e9rl\u0151 k\u00f6telezett.<\/p>\n<p>Amennyiben B\u00e9rl\u0151 a b\u00e9rleti id\u0151szak utols\u00f3 napj\u00e1n nem tudja a haj\u00f3t a kik\u00f6t\u0151helyen visszaadni \u00fagy a felmer\u00fclt t\u00f6bbletk\u00f6lts\u00e9gek (k\u00fcl\u00f6n\u00f6sen: t\u00falhaszn\u00e1lati d\u00edj, korm\u00e1nyos d\u00edja, ki\u00e1ll\u00e1si d\u00edj, ) megfizet\u00e9s\u00e9re k\u00f6telezhet\u0151. A b\u00e9rleti id\u0151szak utols\u00f3 napj\u00e1n B\u00e9rl\u0151 a haj\u00f3 haszn\u00e1lat\u00e1nak jog\u00e1t elveszti.<\/p>\n<p>B\u00e9rl\u0151 k\u00f6teles a haj\u00f3b\u00e9rl\u00e9s id\u0151tartama alatt a haj\u00f3 kik\u00f6t\u0151j\u00e9nek h\u00e1zirendj\u00e9t betartani ( NFM\/Haj\u00f3z\u00e1s\/Kik\u00f6t\u0151rendek) \u00e9s az ott le\u00edrtakon t\u00fal, haj\u00f3shoz m\u00e9lt\u00f3n viselkedni. A haj\u00f3 kik\u00f6t\u0151hely\u00e9n jogosult a haj\u00f3soknak j\u00e1r\u00f3 szolg\u00e1ltat\u00e1sok ig\u00e9nybev\u00e9tel\u00e9re. A kik\u00f6t\u0151 z\u00e1rt parkol\u00f3j\u00e1ban egy b\u00e9relt haj\u00f3\/ egy aut\u00f3 parkol\u00e1s\u00e1t veheti ig\u00e9nybe. T\u00f6bb aut\u00f3 \u00e9rkez\u00e9se eset\u00e9n azt minden esetben k\u00f6teles a B\u00e9rbead\u00f3 fel\u00e9 jelezni.<\/p>\n<h4>A szolg\u00e1ltat\u00e1s tartalma<\/h4>\n<p>B\u00e9rl\u0151 a haj\u00f3t a b\u00e9rleti id\u0151szak ideje alatt saj\u00e1t c\u00e9lra, kedvtel\u00e9si c\u00e9lra haszn\u00e1lhatja a Balaton teljes v\u00edzter\u00fclet\u00e9n az ott \u00e9rv\u00e9nyes Haj\u00f3z\u00e1si Szab\u00e1lyok betart\u00e1s\u00e1val. K\u00fcl\u00f6n\u00f6s gonddal a Balaton kardin\u00e1lis (\u00e9gt\u00e1j szerinti kit\u0171z\u00e9ses rendszer\u00e9nek: \u00e9szak, kelt, d\u00e9l, nyugat megjel\u00f6l\u00e9s\u00e9vel) jelz\u00e9seire tekintettel. A haj\u00f3 szerz\u0151d\u00e9sben r\u00f6gz\u00edtett vezet\u0151je, minden esetben k\u00f6teles a haj\u00f3 technikai param\u00e9tereinek figyelembev\u00e9tel\u00e9vel k\u00f6zlekedni a tavon, k\u00fcl\u00f6n figyelemmel a haj\u00f3 mer\u00fcl\u00e9s\u00e9re, hull\u00e1m\u00e1ll\u00f3, vihar\u00e1ll\u00f3 k\u00e9pess\u00e9g\u00e9re tekintettel. B\u00e9rl\u0151 a haj\u00f3t 3. szem\u00e9ly r\u00e9sz\u00e9re alb\u00e9rletbe nem adhatja.<\/p>\n<p>B\u00e9rl\u0151 csak a B\u00e9rbead\u00f3 \u00edr\u00e1sos hozz\u00e1j\u00e1rul\u00e1s\u00e1nak birtok\u00e1ban haszn\u00e1lhatja gazdas\u00e1gi tev\u00e9kenys\u00e9g v\u00e9gz\u00e9s\u00e9re a haj\u00f3t.<br \/>A haj\u00f3 haszn\u00e1lat\u00e1ra, kik\u00f6t\u0151b\u0151l t\u00f6rt\u00e9n\u0151 kiindul\u00e1s\u00e1ra B\u00e9rl\u0151nek Beaufort 7-es sz\u00e9l er\u0151ig ( 50-60 km\/h ) van jogosults\u00e1ga. Az ezt meghalad\u00f3 sz\u00e9ler\u0151ben t\u00f6rt\u00e9n\u0151 haj\u00f3z\u00e1sra minden esetben B\u00e9rbead\u00f3 v\u00e9lem\u00e9ny\u00e9t, enged\u00e9ly\u00e9t kell kik\u00e9rnie a sz\u00fcks\u00e9ges el\u0151k\u00e9sz\u00fcletek \u00e9s v\u00e1rhat\u00f3 id\u0151j\u00e1r\u00e1si viszonyokra val\u00f3 tekintettel.<\/p>\n<p>Hav\u00e1ria ( v\u00edzi baleset ), m\u0171szaki probl\u00e9ma, meghib\u00e1sod\u00e1s eset\u00e9n B\u00e9rl\u0151 halad\u00e9ktalanul k\u00f6teles minden sz\u00fcks\u00e9ges int\u00e9zked\u00e9st megtenni az ember\u00e9let vesz\u00e9ly\u00e9nek elh\u00e1r\u00edt\u00e1s\u00e1ra \u00e9s a haj\u00f3n t\u00f6rt\u00e9nt k\u00e1rok enyh\u00edt\u00e9s\u00e9re. Halad\u00e9ktalanul k\u00f6teles a felmer\u00fclt probl\u00e9ma jelleg\u00e9re tekintettel az els\u0151k k\u00f6zt \u00e9rtes\u00edteni B\u00e9rbead\u00f3 k\u00e9pvisel\u0151j\u00e9t a helyzet pontos k\u00f6rbe\u00edr\u00e1s\u00e1val \u00e9s az addig megtett sz\u00fcks\u00e9ges int\u00e9zked\u00e9sek felsorol\u00e1s\u00e1val. Haj\u00f3t\u00f6r\u00e9s, illetve baleset vagy egy\u00e9b k\u00e1reset eset\u00e9n a B\u00e9rl\u0151 k\u00f6teles r\u00f6vid feljegyz\u00e9st k\u00e9sz\u00edteni az esem\u00e9nyek lefoly\u00e1s\u00e1r\u00f3l, illetve a kik\u00f6t\u0151i kapit\u00e1nys\u00e1g, orvos, esetleg m\u00e1s hivatalos szerv igazol\u00e1s\u00e1t k\u00e9rni.<\/p>\n<p>Az esetleges m\u0171szaki ment\u00e9s felmer\u00fcl\u0151 k\u00f6lts\u00e9gei, m\u00e1s 3. szem\u00e9ly seg\u00edts\u00e9ge r\u00e9v\u00e9n keletkezett k\u00f6telezetts\u00e9g terhe, a helyzet tiszt\u00e1z\u00e1s\u00e1ig minden esetben B\u00e9rl\u0151t terheli.<\/p>\n<p>B\u00e9rl\u0151 k\u00f6teles a haj\u00f3t a t\u0151le ( szakk\u00e9pzett haj\u00f3vezet\u0151 ) elv\u00e1rhat\u00f3 m\u00f3don gondosan kezelni, k\u00fcl\u00f6n\u00f6sk\u00e9ppen a haj\u00f3 motorj\u00e1nak az esetleges meghib\u00e1sod\u00e1s megel\u0151z\u00e9s\u00e9re tett kezel\u0151 panelen biztos\u00edtott v\u00e9szjelz\u00e9seire figyelemmel. A haj\u00f3 motorj\u00e1nak olaj vagy h\u0171t\u00e9s hi\u00e1nya miatti jelz\u00e9ssel figyelmeztetett meghib\u00e1sod\u00e1s\u00e1\u00e9rt B\u00e9rl\u0151 a felel\u0151s.<\/p>\n<p>B\u00e9rl\u0151 k\u00e9r\u00e9s\u00e9re B\u00e9rbead\u00f3 sz\u00fcks\u00e9g eset\u00e9n szakk\u00e9pzett korm\u00e1nyost, vagy gyakorl\u00f3 oktat\u00e1st biztos\u00edt az \u00e1rlista szerint k\u00fcl\u00f6n d\u00edjaz\u00e1s ellen\u00e9ben.<\/p>\n<p>A haj\u00f3 fel\u00fclet\u00e9nek, a vitorl\u00e1k fel\u00fclet\u00e9nek, rekl\u00e1m \u00e9s egy\u00e9b fel\u00fcletlefed\u0151 anyagokkal t\u00f6rt\u00e9n\u0151 bebor\u00edt\u00e1sa csak B\u00e9rbead\u00f3 el\u0151zetes \u00edr\u00e1sos enged\u00e9ly\u00e9vel lehets\u00e9ges.<\/p>\n<p>A haj\u00f3 \u00e9s annak berendez\u00e9si t\u00e1rgyaira, elektronikai berendez\u00e9seire ( autopilot, horgonycs\u00f6rl\u0151, orrsug\u00e1r motor, kl\u00edma, fed\u00e9lzeti m\u0171szerek, audi\u00f3 berendez\u00e9sek ) tekintettel, b\u00e9rl\u0151 j\u00f3haj\u00f3s gondos k\u00f6teless\u00e9g\u00e9vel j\u00e1r el.<\/p>\n<p>B\u00e9rl\u0151 k\u00e9r\u00e9s\u00e9re B\u00e9rbead\u00f3, a b\u00e9rleti id\u0151szak ideje alatt, extra takar\u00edt\u00e1si szolg\u00e1ltat\u00e1st is biztos\u00edt plusz d\u00edjaz\u00e1s ellen\u00e9ben.<br \/>B\u00e9rl\u0151t felel\u0151ss\u00e9g terheli a haj\u00f3val elk\u00f6vetett haj\u00f3z\u00e1si \u00e9s egy\u00e9b szab\u00e1lys\u00e9rt\u00e9sek\u00e9rt, b\u0171ncselekm\u00e9nyek\u00e9rt, amelyek miatt ak\u00e1r a b\u00e9rleti id\u0151 lej\u00e1rta ut\u00e1n is felel\u0151ss\u00e9gre vonhat\u00f3.<\/p>\n<p>A b\u00e9rleti szerz\u0151d\u00e9s megk\u00f6t\u00e9se felt\u00e9telezi a B\u00e9rl\u0151 r\u00e9sz\u00e9r\u0151l a haj\u00f3vezet\u00e9s elm\u00e9leti \u00e9s gyakorlati ismeret\u00e9t, az adott v\u00edzter\u00fcletre vonatkoz\u00f3 szab\u00e1lyok \u00e9s szok\u00e1sok alkalmaz\u00e1sk\u00e9pes tud\u00e1s\u00e1t, amelyr\u0151l B\u00e9rbead\u00f3 a kishaj\u00f3vezet\u0151i enged\u00e9ly megl\u00e9t\u00e9n t\u00falmen\u0151en nem k\u00f6teles, de jogosult meggy\u0151z\u0151dni. Az el\u00e9gtelen gyakorlati tud\u00e1sb\u00f3l ered\u0151 k\u00e1rok\u00e9rt a B\u00e9rl\u0151 korl\u00e1toz\u00e1s n\u00e9lk\u00fcl felel.<\/p>\n<h4>Garanci\u00e1lis felt\u00e9telek, id\u0151j\u00e1r\u00e1s garancia:<\/h4>\n<p>A j\u00f3t\u00e1ll\u00e1sra \u00e9s a szavatoss\u00e1gra a Polg\u00e1ri t\u00f6rv\u00e9nyk\u00f6nyvr\u0151l sz\u00f3l\u00f3, t\u00f6bbsz\u00f6r m\u00f3dos\u00edtott 2013. \u00e9vi V. t\u00f6rv\u00e9nyben \u00e9s a fogyaszt\u00f3i szerz\u0151d\u00e9s keret\u00e9ben \u00e9rv\u00e9nyes\u00edtett szavatoss\u00e1gi \u00e9s j\u00f3t\u00e1ll\u00e1si ig\u00e9nyek int\u00e9z\u00e9s\u00e9r\u0151l sz\u00f3l\u00f3, 19\/2014. ( IV.29. ) NGM rendeletben foglalt mindenkor hat\u00e1lyos rendelkez\u00e9sek az ir\u00e1nyad\u00f3k.<\/p>\n<p>Id\u0151j\u00e1r\u00e1s garancia keret\u00e9ben B\u00e9rbead\u00f3 k\u00f6telezetts\u00e9get v\u00e1llal arra, hogy a kedvtel\u00e9si c\u00e9l\u00fa vitorl\u00e1z\u00e1sra alkalmatlan napok, szerz\u0151d\u00e9sben szerepl\u0151 b\u00e9rleti d\u00edj\u00e1nak 50%-\u00e1t egy m\u00e1sik b\u00e9rl\u00e9s alkalm\u00e1val j\u00f3v\u00e1\u00edrja B\u00e9rl\u0151 r\u00e9sz\u00e9re. A keletkezett kedvezm\u00e9nyt a garanci\u00e1val \u00e9rintett b\u00e9rleti id\u0151szakot k\u00f6vet\u0151en, egy \u00f6sszegben van m\u00f3dunk j\u00f3v\u00e1\u00edrni a k\u00f6vetkez\u0151 b\u00e9rl\u00e9s d\u00edj\u00e1b\u00f3l. P\u00e9nz visszat\u00e9r\u00edt\u00e9sre nem v\u00e1llalunk k\u00f6telezetts\u00e9get. Kedvtel\u00e9si vitorl\u00e1z\u00e1sra alkalmatlan napnak min\u0151s\u00fcl a val\u00f3ban bek\u00f6vetkezett er\u0151s, viharos sz\u00e9l ( Beaufort 8, 60 km\/h felett) illetve front \u00e1ltal okozott tart\u00f3s es\u0151, mely az adott nap vonatkoz\u00e1s\u00e1ban legal\u00e1bb 4-5 \u00f3ra id\u0151tartam\u00fa. Id\u0151j\u00e1r\u00e1s garanci\u00e1nk csak a t\u00e9nylegesen megt\u00f6rt\u00e9nt fent le\u00edrt id\u0151j\u00e1r\u00e1si esem\u00e9nyek ok\u00e1n, a m\u00e1r kifizetett foglal\u00e1sok eset\u00e9n \u00e9rv\u00e9nyes. Meteorol\u00f3giai val\u00f3sz\u00edn\u0171s\u00e9gi el\u0151rejelz\u00e9s alapj\u00e1n j\u00f3solt, de nem val\u00f3san bek\u00f6vetkezett id\u0151j\u00e1r\u00e1si helyzetet, \u00e9s nem v\u00e9gleges\u00edtett, kifizetett foglal\u00e1st ezen garancia keret\u00e9n k\u00edv\u00fclinek tekint\u00fcnk.<\/p>\n<h4>K\u00e1rfelel\u0151ss\u00e9g:<\/h4>\n<p>Amennyiben a b\u00e9rlet id\u0151tartama alatt a haj\u00f3 meghib\u00e1sodik, \u00fagy B\u00e9rbead\u00f3 igyekszik a hib\u00e1t a lehet\u0151 legr\u00f6videbb \u00faton orvosolni. Amennyiben az nem lehets\u00e9ges \u00fagy B\u00e9rbead\u00f3 szabad kapacit\u00e1s\u00e1nak f\u00fcggv\u00e9ny\u00e9ben hasonl\u00f3 param\u00e9terekkel rendelkez\u0151 Cserehaj\u00f3t biztos\u00edt B\u00e9rl\u0151 r\u00e9sz\u00e9re.<\/p>\n<p>Amennyiben a cserehaj\u00f3 tulajdons\u00e1gai l\u00e9nyegesen elt\u00e9rnek a meghib\u00e1sodott haj\u00f3 tulajdons\u00e1gait\u00f3l, \u00fagy felek jogosultak a b\u00e9rleti d\u00edjat m\u00f3dos\u00edtani.<\/p>\n<p>Amennyiben B\u00e9rbead\u00f3 nem tud Cserehaj\u00f3t biztos\u00edtani, \u00fagy felek jogosultak k\u00f6z\u00f6s megegyez\u00e9ssel a b\u00e9rleti id\u0151szakot m\u00f3dos\u00edtani, vagy B\u00e9rl\u0151 halad\u00e9ktalanul el\u00e1llhat a szerz\u0151d\u00e9st\u0151l.<\/p>\n<p>B\u00e9rl\u0151 magatart\u00e1sa, mulaszt\u00e1sa k\u00f6vetkezt\u00e9ben, tov\u00e1bb\u00e1 a B\u00e9rl\u0151 \u00e9rdekk\u00f6r\u00e9ben felmer\u00fcl\u0151 meghib\u00e1sod\u00e1s eset\u00e9n 1-3. pontok nem alkalmazhat\u00f3k, amennyiben a felek ett\u0151l elt\u00e9r\u0151en nem \u00e1llapodnak meg.<\/p>\n<p>B\u00e9rl\u0151 magatart\u00e1sa, mulaszt\u00e1sa k\u00f6vetkezt\u00e9ben, tov\u00e1bb\u00e1 a b\u00e9rl\u0151 \u00e9rdekk\u00f6r\u00e9ben felmer\u00fcl\u0151 meghib\u00e1sod\u00e1s eset\u00e9n a jav\u00edt\u00e1shoz kapcsol\u00f3d\u00f3 \u00f6sszes k\u00f6lts\u00e9g a B\u00e9rl\u0151t terheli, \u00e9s a b\u00e9rleti d\u00edj visszat\u00e9r\u00edt\u00e9s\u00e9re ilyen esetben nem jogosult. A k\u00f6lts\u00e9gek sz\u00e1m\u00edt\u00e1s\u00e1n\u00e1l a B\u00e9rbead\u00f3 nyilatkozata \u00e9s a Check list h\u00e1toldal\u00e1n szerepl\u0151 d\u00edjt\u00e1bl\u00e1zat az ir\u00e1nyad\u00f3. Amennyiben a jelzett k\u00f6lts\u00e9gek elt\u00e9rnek a szok\u00e1sos piaci \u00e1rt\u00f3l, \u00fagy B\u00e9rl\u0151 kifog\u00e1st ny\u00fajthat be B\u00e9rbead\u00f3 fel\u00e9, a bizony\u00edt\u00e1s azonban \u0151t terheli.<\/p>\n<p>Amennyiben B\u00e9rl\u0151 a jav\u00edt\u00e1s k\u00f6lts\u00e9geit nem t\u00e9r\u00edti meg B\u00e9rbead\u00f3 r\u00e9sz\u00e9re, \u00fagy B\u00e9rbead\u00f3 jogosult a megfelel\u0151 \u00f6sszeget a kauci\u00f3 \u00f6sszeg\u00e9b\u0151l levonni. Amennyiben a k\u00e1r \u00e9rt\u00e9ke meghaladja a kauci\u00f3 \u00f6sszeg\u00e9t \u00fagy B\u00e9rbead\u00f3 jogosult a tov\u00e1bbi k\u00f6vetel\u00e9st \u00e9rv\u00e9nyes\u00edteni.<\/p>\n<p>A B\u00e9rl\u0151 magatart\u00e1sa, mulaszt\u00e1sa, k\u00f6vetkezt\u00e9ben bek\u00f6vetkez\u0151, tov\u00e1bb\u00e1 a B\u00e9rl\u0151 \u00e9rdekk\u00f6r\u00e9ben felmer\u00fcl\u0151 k\u00e1rt k\u00f6teles B\u00e9rbead\u00f3nak megt\u00e9r\u00edteni.<\/p>\n<p>Harmadik szem\u00e9lynek felr\u00f3hat\u00f3 k\u00e1r eset\u00e9n B\u00e9rl\u0151 k\u00f6zvetlen\u00fcl a k\u00e1rokoz\u00f3val szemben \u00e9rv\u00e9nyes\u00edtheti k\u00f6vetel\u00e9s\u00e9t.<\/p>\n<p>K\u00e1rokoz\u00e1s eset\u00e9n B\u00e9rl\u0151t terheli annak a bizony\u00edt\u00e1sa, hogy a felmer\u00fclt k\u00e1rt olyan elh\u00e1r\u00edthatatlan ok id\u00e9zte el\u0151, amely k\u00edv\u00fcl esik B\u00e9rl\u0151 tev\u00e9kenys\u00e9g\u00e9n.<\/p>\n<h4>Felel\u0151ss\u00e9g:<\/h4>\n<p>B\u00e9rbead\u00f3 nem felel B\u00e9rl\u0151 \u00e9s utasai \u00e9let\u00e9ben vagy vagyon\u00e1ban bek\u00f6vetkezett s\u00e9r\u00fcl\u00e9s, baleset, k\u00e1r eset\u00e9n. A haj\u00f3z\u00e1s ideje alatt a haj\u00f3n tart\u00f3zkod\u00f3 szem\u00e9lyek\u00e9rt a haj\u00f3 vezet\u0151je a felel\u0151s. A Balatonon menetben l\u00e9v\u0151 haj\u00f3n a haj\u00f3 vezet\u0151je sz\u00e1m\u00e1ra tilos az alkohol fogyaszt\u00e1sa, tov\u00e1bb\u00e1 nem lehet b\u00f3dult \u00e1llapotban sem.<\/p>\n<p>B\u00e9rbead\u00f3 kijelenti, hogy a haj\u00f3 \u00e9rv\u00e9nyes felel\u0151ss\u00e9g \u00e9s CASCO biztos\u00edt\u00e1ssal rendelkezik, azonban a CASCO biztos\u00edt\u00e1s nem terjed ki a haj\u00f3testen k\u00edv\u00fcl bek\u00f6vetkezett k\u00e1rokra, k\u00fcl\u00f6n\u00f6sen a vitorl\u00e1zat, fut\u00f3- \u00e9s merevk\u00f6t\u00e9lzet, szerelv\u00e9nyek. Nem terjed ki a biztos\u00edt\u00e1s az utasok \u00e1ltal a haj\u00f3ra vitt \u00e9rt\u00e9kt\u00e1rgyaikra, szem\u00e9lyes felszerel\u00e9si t\u00e1rgyaikra. CASCO k\u00e1rrendez\u00e9s eset\u00e9n a biztos\u00edt\u00e1si \u00f6nr\u00e9sz a kauci\u00f3b\u00f3l levonhat\u00f3. Abban az esetben ha a biztos\u00edt\u00e1s nem fedezi, illetve az \u00f6nr\u00e9sz m\u00e9rt\u00e9k\u00e9t meghaladja a k\u00e1r \u00f6sszege, \u00fagy a B\u00e9rl\u0151 \u00e1ltal letett kauci\u00f3b\u00f3l keres B\u00e9rbead\u00f3 kiel\u00e9g\u00edt\u00e9st. A kauci\u00f3 \u00e1ltal nem fedezett k\u00e1rokat B\u00e9rl\u0151 k\u00f6teles megt\u00e9r\u00edteni. A k\u00e1rok sz\u00e1m\u00edt\u00e1s\u00e1nak m\u00f3dj\u00e1ban \u00e9s \u00f6sszeg\u00e9ben a B\u00e9rbead\u00f3 nyilatkozata az ir\u00e1nyad\u00f3.<\/p>\n<p>B\u00e9rbead\u00f3 kiz\u00e1rja a felel\u0151ss\u00e9get a harmadik szem\u00e9ly felr\u00f3hat\u00f3 magatart\u00e1s\u00e1b\u00f3l vagy vis majorb\u00f3l ered\u0151 korl\u00e1tozott szolg\u00e1ltat\u00e1s\u00e9rt.<br \/>B\u00e9rbead\u00f3 az esetlegesen keletkezett hib\u00e1k, jav\u00edt\u00e1sok, elv\u00e9gz\u00e9s\u00e9t a lehet\u0151 legr\u00f6videbb id\u0151n bel\u00fcl igyekszik abszolv\u00e1lni. A sz\u00fcks\u00e9ges alkatr\u00e9szek a forgalmaz\u00f3 \u00e1ltal aj\u00e1nlatban adott sz\u00e1ll\u00edt\u00e1si idej\u00e9t \u00e9s a munk\u00e1latok elv\u00e9geztet\u00e9se eset\u00e9n a v\u00e1llalkoz\u00f3k \u00e1ltal adott v\u00e1llal\u00e1si id\u0151k figyelembe v\u00e9tel\u00e9vel.<\/p>\n<h4>Egy\u00e9b tudnival\u00f3k:<\/h4>\n<p>\u00d3vad\u00e9k, kauci\u00f3: B\u00e9rl\u0151 a Check-in alakalm\u00e1val k\u00f6teles B\u00e9rbead\u00f3nak a b\u00e9relt haj\u00f3 aktu\u00e1lis \u00e1rlist\u00e1ja szerinti kauci\u00f3t \u00e1tadni. A kauci\u00f3 \u00e1tad\u00e1sa k\u00e9szp\u00e9nzben \u00e9s banksz\u00e1ml\u00e1ra t\u00f6rt\u00e9n\u0151 utal\u00e1ssal is letehet\u0151, mely \u00f6sszeg egy\u00f6sszegben a b\u00e9rlet v\u00e9g\u00e9n k\u00e1resem\u00e9ny keletkez\u00e9s\u00e9nek hi\u00e1ny\u00e1ban visszaj\u00e1r.<\/p>\n<p>A b\u00e9rleti d\u00edj nem tartalmazza a haj\u00f3 v\u00e9gtakar\u00edt\u00e1s\u00e1nak \u00f6sszeg\u00e9t, a haj\u00f3 tart\u00e1lyainak, k\u00e9nyelmi berendez\u00e9seinek sz\u00fcks\u00e9ges felt\u00f6lt\u00e9s\u00e9t. Ezek a t\u00e9telek a Transit log t\u00e9telben rendezend\u0151k, a transit log \u00f6sszege az aktu\u00e1lis \u00e1rlista szerint ker\u00fcl felsz\u00e1mol\u00e1sra.<\/p>\n<p>B\u00e9rbead\u00f3 ig\u00e9ny szerint a mindenkori \u00e9rv\u00e9nyes \u00e1rlistaban szerepl\u0151 d\u00edj ellen\u00e9ben \u00e1gynem\u0171t biztos\u00edt B\u00e9rl\u0151 r\u00e9sz\u00e9re.<\/p>\n<p>B\u00e9rl\u0151 a B\u00e9rbead\u00f3nak \u00fczemanyag k\u00f6lts\u00e9get k\u00f6teles fizetni ami 5.000,-ft\/\u00fczem\u00f3ra \u00e9s a b\u00e9rleti id\u0151szakot k\u00f6vet\u0151en ut\u00f3lag ker\u00fcl elsz\u00e1mol\u00e1sra.<\/p>\n<p>Haj\u00f3ink m\u0171holdas nyomk\u00f6vet\u0151 rendszerrel vannak ell\u00e1tva, melyek napl\u00f3zz\u00e1k a megtett \u00fatvonalat, a haj\u00f3 sebess\u00e9g\u00e9t, motor haszn\u00e1lat\u00e1nak idej\u00e9t \u00e9s a motor haszn\u00e1lat k\u00f6zbeni fordulatsz\u00e1mot. A haj\u00f3 \u00fczembiztos m\u0171k\u00f6d\u00e9s\u00e9hez \u00e9s az esetleges k\u00e1rosod\u00e1sok megel\u0151z\u00e9se c\u00e9lj\u00e1b\u00f3l a haj\u00f3 motorj\u00e1nak fordulatsz\u00e1ma 2500-as fordulatot csak r\u00f6vid ideig l\u00e9pheti \u00e1t (esetleges v\u00e9szhelyzetek eset\u00e9n: 70 km\/h-\u00e1t meghalad\u00f3 sz\u00e9l kik\u00f6t\u0151i man\u0151verek k\u00f6zben, ember a v\u00edzben v\u00e9szhelyzet stb\u2026) A haj\u00f3val t\u00f6rt\u00e9n\u0151 z\u00e1tonyon fennakad\u00e1s alkalm\u00e1val sem szabad a motor fordulatsz\u00e1m\u00e1t 2500-as fordulat f\u00f6l\u00e9 vinni mindaddig, m\u00edg a ment\u00e9sben, levontat\u00e1sban r\u00e9szt vev\u0151 ment\u0151 haj\u00f3 leg\u00e9nys\u00e9ge erre kifejezett utas\u00edt\u00e1st nem ad. Haj\u00f3ink v\u00e1lt\u00f3ja 1 \u00f3ra folyamatos 2500-as fordulatot nem meghalad\u00f3 \u00fczemel\u00e9s k\u00f6zben is t\u00falmelegedhet, ez\u00e9rt a motor 1 \u00f3r\u00e1n\u00e1l hosszabb (Balatonon csak indokolt ,pl. v\u00e9szhelyzet eset\u00e9ben lehets\u00e9ges) haszn\u00e1latakor sz\u00fcks\u00e9ges annak pihentet\u00e9se. A nem szakszer\u0171 haszn\u00e1latb\u00f3l ered\u0151 k\u00e1rok\u00e9rt B\u00e9rl\u0151 felel\u0151s.<\/p>\n<h4>El\u00e1ll\u00e1s, felmond\u00e1s joga, m\u00f3dja, k\u00f6vetkezm\u00e9nyei:<\/h4>\n<p>1. B\u00e9rl\u0151 amennyiben a szerz\u0151d\u00e9s vagy aj\u00e1nlat jelen \u00c1SZF-t\u0151l elt\u00e9r\u0151 kik\u00f6t\u00e9st nem tartalmaz, abban az esetben a B\u00e9rl\u0151 a szerz\u0151d\u00e9s l\u00e9trej\u00f6ttekor az aj\u00e1nlatban megjel\u00f6lt id\u0151pontig k\u00f6teles a b\u00e9rleti d\u00edj 50%-\u00e1t el\u0151legk\u00e9nt megfizetni. A b\u00e9rleti d\u00edj fennmarad\u00f3 50%-\u00e1t B\u00e9rl\u0151 legk\u00e9s\u0151bb a b\u00e9rleti id\u0151szak kezdet\u00e9t megel\u0151z\u0151 14. napon k\u00f6teles megfizetni. Felek r\u00f6gz\u00edtik, hogy a b\u00e9rleti id\u0151szak kezdet\u00e9t megel\u0151z\u0151 30. napon vagy azt k\u00f6vet\u0151en B\u00e9rl\u0151 nem jogosult a szerz\u0151d\u00e9st\u0151l el\u00e1llni, vagy felmondani, azaz a b\u00e9rleti d\u00edj vagy d\u00edjr\u00e9sz visszat\u00e9r\u00edt\u00e9s\u00e9re nincs m\u00f3d.<\/p>\n<p>B\u00e9rbead\u00f3 jogosult a szerz\u0151d\u00e9st\u0151l el\u00e1llni, a mennyiben a B\u00e9rl\u0151 a b\u00e9rleti d\u00edj teljes \u00f6sszeg\u00e9t nem rendezi fel\u00e9 az 1-es pontban r\u00f6gz\u00edtetteknek megfelel\u0151en. Ebben az esetben a B\u00e9rl\u0151 k\u00f6teles a B\u00e9rbead\u00f3 r\u00e9sz\u00e9re a teljes b\u00e9rleti d\u00edj \u00f6sszeg\u00e9b\u0151l legal\u00e1bb 50% meghi\u00fasul\u00e1si k\u00f6tb\u00e9rt megfizetni. A B\u00e9rl\u0151 ezennel visszavonhatatlanul hozz\u00e1j\u00e1rul, hogy a B\u00e9rbead\u00f3 a sz\u00e1m\u00e1ra kor\u00e1bban esetlegesen b\u00e1rmely jogc\u00edmen megfizetett \u00f6sszegb\u0151l (el\u0151leg, kauci\u00f3) levonja a meghi\u00fasul\u00e1si k\u00f6tb\u00e9r \u00f6sszeg\u00e9t. A B\u00e9rbead\u00f3 pedig k\u00f6telezetts\u00e9get v\u00e1llal arra, hogy az el\u0151leg, illetve a kauci\u00f3 \u00e9s a meghi\u00fasul\u00e1si k\u00f6tb\u00e9r k\u00fcl\u00f6nb\u00f6zetek\u00e9nt fennmarad\u00f3 \u00f6sszeget a b\u00e9rl\u0151 banksz\u00e1ml\u00e1j\u00e1ra 8 napon bel\u00fcl visszautalja, vagy azt r\u00e9sz\u00e9re k\u00e9szp\u00e9nzben visszat\u00e9r\u00edti.<\/p>\n<p>Amennyiben a B\u00e9rl\u0151 jelen \u00c1SZF vonatkoz\u00e1s\u00e1ban s\u00falyos szerz\u0151d\u00e9sszeg\u00e9st k\u00f6vet el, abban az esetben B\u00e9rbead\u00f3 halad\u00e9ktalanul jogosult rendk\u00edv\u00fcli felmond\u00e1ssal \u00e9lni, ilyen okoknak min\u0151s\u00fclnek t\u00f6bbek k\u00f6z\u00f6tt az al\u00e1bbiak:<\/p>\n<p>Amennyiben a B\u00e9rl\u0151 \u2013 b\u00e1r a B\u00e9rbead\u00f3t\u00f3l \u00edr\u00e1sbeli vagy sz\u00f3beli figyelmeztet\u00e9st \u00e9s meghat\u00e1rozott t\u00fcrelmi id\u0151t kapott az orvosl\u00e1sra (amennyiben ez lehets\u00e9ges) \u2013 nem tesz eleget b\u00e1rmely egy\u00e9b, a jelen B\u00e9rleti szerz\u0151d\u00e9sb\u0151l ered\u0151 k\u00f6telezetts\u00e9g\u00e9nek.<\/p>\n<p>Amennyiben a B\u00e9rl\u0151 a haj\u00f3t a B\u00e9rleti szerz\u0151d\u00e9st megszeg\u0151 m\u00f3don haszn\u00e1lja, vagy enged\u00e9ly n\u00e9lk\u00fcl harmadik f\u00e9lnek alb\u00e9rletbe adja, vagy a haj\u00f3val B\u00e9rbead\u00f3 tudom\u00e1sa n\u00e9lk\u00fcl szervezett vagy nem szervezett vitorl\u00e1sversenyen vesz r\u00e9szt, melyre visszavezethet\u0151 m\u00f3don haj\u00f3 k\u00e1rosod\u00e1st szenved.<\/p>\n<p>Szerz\u0151d\u0151 felek r\u00f6gz\u00edtik, hogy amennyiben a B\u00e9rbead\u00f3nak megsz\u0171nik a haj\u00f3 feletti rendelkez\u00e9si joga, abban az esetben a szerz\u0151d\u00e9s minden tov\u00e1bbi k\u00fcl\u00f6n jognyilatkozat megt\u00e9tele n\u00e9lk\u00fcl azonnali hat\u00e1llyal megsz\u0171nik \u00e9s a felek a b\u00e9rleti d\u00edjjal id\u0151ar\u00e1nyosan sz\u00e1molnak el.<\/p>\n<h4>Egy\u00e9b rendelkez\u00e9sek:<\/h4>\n<p>Jelen \u00c1SZF valamely kik\u00f6t\u00e9s\u00e9nek \u00e9rv\u00e9nytelens\u00e9ge nem \u00e9rinti a t\u00f6bbi rendelkez\u00e9s \u00e9rv\u00e9nyess\u00e9g\u00e9t. Az \u00e9rv\u00e9nytelen kik\u00f6t\u00e9s hely\u00e9be olyan rendelkez\u00e9snek kell l\u00e9pnie, amely legink\u00e1bb megfelel a felek szerz\u0151d\u00e9sk\u00f6t\u00e9skori akarat\u00e1nak \u00e9s jogszer\u0171.<\/p>\n<p>A B\u00e9rbead\u00f3 b\u00e1rmikor jogosult jelen \u00c1SZF felt\u00e9teleit egyoldal\u00faan m\u00f3dos\u00edtani. Az esetleges m\u00f3dos\u00edt\u00e1sok a balatoni-hajoberles.hu weboldalon val\u00f3 megjelen\u00e9ssel egyidej\u0171leg l\u00e9p hat\u00e1lyba.<\/p>\n<h4>Tov\u00e1bbiak:<\/h4>\n<p>B\u00e9rl\u00e9sfelk\u00e9sz\u00edt\u0151 tanfolyamunk elv\u00e9gz\u00e9s\u00e9vel \u00f6sszef\u00fcgg\u0151 kedvezm\u00e9ny felhaszn\u00e1l\u00e1s\u00e1nak felt\u00e9telei:<\/p>\n<p>B\u00e9rl\u00e9sfelk\u00e9sz\u00edt\u0151 tanfolyamunkon v\u00e9gzett b\u00e9rl\u0151inknek, minimum 3 napos haj\u00f3b\u00e9rl\u00e9si ig\u00e9nye eset\u00e9n, a b\u00e9rl\u00e9s els\u0151 napj\u00e1nak 50%-\u00e1t mi \u00e1lljuk. A kedvezm\u00e9ny egy b\u00e9rleti id\u0151szakon bel\u00fcl egyszer \u00e9rv\u00e9nyes\u00edthet\u0151. A kedvezm\u00e9ny felhaszn\u00e1l\u00e1s\u00e1nak lehet\u0151s\u00e9ge a balatoni turisztikai f\u0151szezonon (j\u00falius 1 \u2013 augusztus 31. ) k\u00edv\u00fcli id\u0151pontokban lehets\u00e9ges.<\/p>\n\n\t\t<\/div>\n\t\t\t\t\t<\/div>\n\n\t\n\n\t<div id=\"col-312934316\" class=\"col medium-4 small-12 large-4\"  >\n\t\t\t\t<div class=\"col-inner\"  >\n\t\t\t\n\t\t\t\n\n\n\t\t<\/div>\n\t\t\t\t\t<\/div>\n\n\t\n\n<\/div>\n\n\t\t<\/div>\n\n\t\t\n<style>\n#section_2138318608 {\n  padding-top: 30px;\n  padding-bottom: 30px;\n}\n<\/style>\n\t<\/section>\n\t\n\n","protected":false},"excerpt":{"rendered":"","protected":false},"author":1,"featured_media":0,"parent":0,"menu_order":0,"comment_status":"closed","ping_status":"closed","template":"page-blank.php","meta":{"footnotes":""},"class_list":["post-1704","page","type-page","status-publish","hentry"],"yoast_head":"<!-- This site is optimized with the Yoast SEO plugin v26.9 - https:\/\/yoast.com\/product\/yoast-seo-wordpress\/ -->\n<title>General Terms &amp; Conditions - F\u00fcredyacht Charter<\/title>\n<meta name=\"robots\" content=\"noindex, follow\" \/>\n<meta property=\"og:locale\" content=\"en_US\" \/>\n<meta property=\"og:type\" content=\"article\" \/>\n<meta property=\"og:title\" content=\"General Terms &amp; Conditions - F\u00fcredyacht Charter\" \/>\n<meta property=\"og:url\" content=\"https:\/\/balatoni-hajoberles.hu\/en\/terms\/\" \/>\n<meta property=\"og:site_name\" content=\"F\u00fcredyacht Charter\" \/>\n<meta property=\"article:modified_time\" content=\"2022-09-26T17:24:12+00:00\" \/>\n<meta name=\"twitter:card\" content=\"summary_large_image\" \/>\n<meta name=\"twitter:label1\" content=\"Est. reading time\" \/>\n\t<meta name=\"twitter:data1\" content=\"27 minutes\" \/>\n<script type=\"application\/ld+json\" class=\"yoast-schema-graph\">{\"@context\":\"https:\/\/schema.org\",\"@graph\":[{\"@type\":\"WebPage\",\"@id\":\"https:\/\/balatoni-hajoberles.hu\/en\/terms\/\",\"url\":\"https:\/\/balatoni-hajoberles.hu\/en\/terms\/\",\"name\":\"General Terms & Conditions - F\u00fcredyacht Charter\",\"isPartOf\":{\"@id\":\"https:\/\/balatoni-hajoberles.hu\/en\/#website\"},\"datePublished\":\"2020-02-20T17:06:28+00:00\",\"dateModified\":\"2022-09-26T17:24:12+00:00\",\"breadcrumb\":{\"@id\":\"https:\/\/balatoni-hajoberles.hu\/en\/terms\/#breadcrumb\"},\"inLanguage\":\"en-US\",\"potentialAction\":[{\"@type\":\"ReadAction\",\"target\":[\"https:\/\/balatoni-hajoberles.hu\/en\/terms\/\"]}]},{\"@type\":\"BreadcrumbList\",\"@id\":\"https:\/\/balatoni-hajoberles.hu\/en\/terms\/#breadcrumb\",\"itemListElement\":[{\"@type\":\"ListItem\",\"position\":1,\"name\":\"Home\",\"item\":\"https:\/\/balatoni-hajoberles.hu\/en\/\"},{\"@type\":\"ListItem\",\"position\":2,\"name\":\"General Terms &#038; Conditions\"}]},{\"@type\":\"WebSite\",\"@id\":\"https:\/\/balatoni-hajoberles.hu\/en\/#website\",\"url\":\"https:\/\/balatoni-hajoberles.hu\/en\/\",\"name\":\"F\u00fcredyacht Charter\",\"description\":\"Online haj\u00f3b\u00e9rl\u00e9s, vitorl\u00e1sb\u00e9rl\u00e9s a Balatonon\",\"publisher\":{\"@id\":\"https:\/\/balatoni-hajoberles.hu\/en\/#organization\"},\"potentialAction\":[{\"@type\":\"SearchAction\",\"target\":{\"@type\":\"EntryPoint\",\"urlTemplate\":\"https:\/\/balatoni-hajoberles.hu\/en\/?s={search_term_string}\"},\"query-input\":{\"@type\":\"PropertyValueSpecification\",\"valueRequired\":true,\"valueName\":\"search_term_string\"}}],\"inLanguage\":\"en-US\"},{\"@type\":\"Organization\",\"@id\":\"https:\/\/balatoni-hajoberles.hu\/en\/#organization\",\"name\":\"F\u00fcredYacht Charter\",\"url\":\"https:\/\/balatoni-hajoberles.hu\/en\/\",\"logo\":{\"@type\":\"ImageObject\",\"inLanguage\":\"en-US\",\"@id\":\"https:\/\/balatoni-hajoberles.hu\/en\/#\/schema\/logo\/image\/\",\"url\":\"https:\/\/balatoni-hajoberles.hu\/wp-content\/uploads\/2020\/02\/wc-automail-logo.png\",\"contentUrl\":\"https:\/\/balatoni-hajoberles.hu\/wp-content\/uploads\/2020\/02\/wc-automail-logo.png\",\"width\":300,\"height\":70,\"caption\":\"F\u00fcredYacht Charter\"},\"image\":{\"@id\":\"https:\/\/balatoni-hajoberles.hu\/en\/#\/schema\/logo\/image\/\"}}]}<\/script>\n<!-- \/ Yoast SEO plugin. -->","yoast_head_json":{"title":"General Terms & Conditions - F\u00fcredyacht Charter","robots":{"index":"noindex","follow":"follow"},"og_locale":"en_US","og_type":"article","og_title":"General Terms & Conditions - F\u00fcredyacht Charter","og_url":"https:\/\/balatoni-hajoberles.hu\/en\/terms\/","og_site_name":"F\u00fcredyacht Charter","article_modified_time":"2022-09-26T17:24:12+00:00","twitter_card":"summary_large_image","twitter_misc":{"Est. reading time":"27 minutes"},"schema":{"@context":"https:\/\/schema.org","@graph":[{"@type":"WebPage","@id":"https:\/\/balatoni-hajoberles.hu\/en\/terms\/","url":"https:\/\/balatoni-hajoberles.hu\/en\/terms\/","name":"General Terms & Conditions - F\u00fcredyacht Charter","isPartOf":{"@id":"https:\/\/balatoni-hajoberles.hu\/en\/#website"},"datePublished":"2020-02-20T17:06:28+00:00","dateModified":"2022-09-26T17:24:12+00:00","breadcrumb":{"@id":"https:\/\/balatoni-hajoberles.hu\/en\/terms\/#breadcrumb"},"inLanguage":"en-US","potentialAction":[{"@type":"ReadAction","target":["https:\/\/balatoni-hajoberles.hu\/en\/terms\/"]}]},{"@type":"BreadcrumbList","@id":"https:\/\/balatoni-hajoberles.hu\/en\/terms\/#breadcrumb","itemListElement":[{"@type":"ListItem","position":1,"name":"Home","item":"https:\/\/balatoni-hajoberles.hu\/en\/"},{"@type":"ListItem","position":2,"name":"General Terms &#038; Conditions"}]},{"@type":"WebSite","@id":"https:\/\/balatoni-hajoberles.hu\/en\/#website","url":"https:\/\/balatoni-hajoberles.hu\/en\/","name":"F\u00fcredyacht Charter","description":"Online haj\u00f3b\u00e9rl\u00e9s, vitorl\u00e1sb\u00e9rl\u00e9s a Balatonon","publisher":{"@id":"https:\/\/balatoni-hajoberles.hu\/en\/#organization"},"potentialAction":[{"@type":"SearchAction","target":{"@type":"EntryPoint","urlTemplate":"https:\/\/balatoni-hajoberles.hu\/en\/?s={search_term_string}"},"query-input":{"@type":"PropertyValueSpecification","valueRequired":true,"valueName":"search_term_string"}}],"inLanguage":"en-US"},{"@type":"Organization","@id":"https:\/\/balatoni-hajoberles.hu\/en\/#organization","name":"F\u00fcredYacht Charter","url":"https:\/\/balatoni-hajoberles.hu\/en\/","logo":{"@type":"ImageObject","inLanguage":"en-US","@id":"https:\/\/balatoni-hajoberles.hu\/en\/#\/schema\/logo\/image\/","url":"https:\/\/balatoni-hajoberles.hu\/wp-content\/uploads\/2020\/02\/wc-automail-logo.png","contentUrl":"https:\/\/balatoni-hajoberles.hu\/wp-content\/uploads\/2020\/02\/wc-automail-logo.png","width":300,"height":70,"caption":"F\u00fcredYacht Charter"},"image":{"@id":"https:\/\/balatoni-hajoberles.hu\/en\/#\/schema\/logo\/image\/"}}]}},"_links":{"self":[{"href":"https:\/\/balatoni-hajoberles.hu\/en\/wp-json\/wp\/v2\/pages\/1704","targetHints":{"allow":["GET"]}}],"collection":[{"href":"https:\/\/balatoni-hajoberles.hu\/en\/wp-json\/wp\/v2\/pages"}],"about":[{"href":"https:\/\/balatoni-hajoberles.hu\/en\/wp-json\/wp\/v2\/types\/page"}],"author":[{"embeddable":true,"href":"https:\/\/balatoni-hajoberles.hu\/en\/wp-json\/wp\/v2\/users\/1"}],"replies":[{"embeddable":true,"href":"https:\/\/balatoni-hajoberles.hu\/en\/wp-json\/wp\/v2\/comments?post=1704"}],"version-history":[{"count":9,"href":"https:\/\/balatoni-hajoberles.hu\/en\/wp-json\/wp\/v2\/pages\/1704\/revisions"}],"predecessor-version":[{"id":13637,"href":"https:\/\/balatoni-hajoberles.hu\/en\/wp-json\/wp\/v2\/pages\/1704\/revisions\/13637"}],"wp:attachment":[{"href":"https:\/\/balatoni-hajoberles.hu\/en\/wp-json\/wp\/v2\/media?parent=1704"}],"curies":[{"name":"wp","href":"https:\/\/api.w.org\/{rel}","templated":true}]}}